{"id":11825,"date":"2022-03-11T14:19:36","date_gmt":"2022-03-11T13:19:36","guid":{"rendered":"https:\/\/www.smovin.app\/?page_id=11825"},"modified":"2025-02-18T10:33:26","modified_gmt":"2025-02-18T09:33:26","slug":"enregistrement","status":"publish","type":"page","link":"https:\/\/www.smovin.app\/fr-be\/bail-locatif\/enregistrement\/","title":{"rendered":"Tout savoir sur l\u2019enregistrement du bail"},"content":{"rendered":"\n\n<div class=\"kk-star-ratings kksr-shortcode\"\n    data-payload='{&quot;id&quot;:&quot;11825&quot;,&quot;slug&quot;:&quot;default&quot;,&quot;ignore&quot;:&quot;&quot;,&quot;reference&quot;:&quot;shortcode&quot;,&quot;align&quot;:&quot;&quot;,&quot;class&quot;:&quot;&quot;,&quot;count&quot;:&quot;37&quot;,&quot;legendonly&quot;:&quot;&quot;,&quot;readonly&quot;:&quot;&quot;,&quot;score&quot;:&quot;5&quot;,&quot;starsonly&quot;:&quot;&quot;,&quot;valign&quot;:&quot;&quot;,&quot;best&quot;:&quot;5&quot;,&quot;gap&quot;:&quot;5&quot;,&quot;greet&quot;:&quot;Rate this&quot;,&quot;legend&quot;:&quot;5\\\/5 - (37 votes)&quot;,&quot;size&quot;:&quot;14&quot;,&quot;title&quot;:&quot;Tout savoir sur l\u2019enregistrement du bail&quot;,&quot;width&quot;:&quot;92.5&quot;,&quot;_legend&quot;:&quot;{score}\\\/{best} - ({count} {votes})&quot;,&quot;font_factor&quot;:&quot;1.25&quot;}'>\n            \n<div class=\"kksr-stars\">\n    \n<div class=\"kksr-stars-inactive\">\n            <div class=\"kksr-star\" data-star=\"1\" style=\"padding-right: 5px\">\n            \n\n<div class=\"kksr-icon\" style=\"width: 14px; height: 14px;\"><\/div>\n        <\/div>\n            <div class=\"kksr-star\" data-star=\"2\" style=\"padding-right: 5px\">\n            \n\n<div class=\"kksr-icon\" style=\"width: 14px; height: 14px;\"><\/div>\n        <\/div>\n            <div class=\"kksr-star\" data-star=\"3\" style=\"padding-right: 5px\">\n            \n\n<div class=\"kksr-icon\" style=\"width: 14px; height: 14px;\"><\/div>\n        <\/div>\n            <div class=\"kksr-star\" data-star=\"4\" style=\"padding-right: 5px\">\n            \n\n<div class=\"kksr-icon\" style=\"width: 14px; height: 14px;\"><\/div>\n        <\/div>\n            <div class=\"kksr-star\" data-star=\"5\" style=\"padding-right: 5px\">\n            \n\n<div class=\"kksr-icon\" style=\"width: 14px; height: 14px;\"><\/div>\n        <\/div>\n    <\/div>\n    \n<div class=\"kksr-stars-active\" style=\"width: 92.5px;\">\n            <div class=\"kksr-star\" style=\"padding-right: 5px\">\n            \n\n<div class=\"kksr-icon\" style=\"width: 14px; height: 14px;\"><\/div>\n        <\/div>\n            <div class=\"kksr-star\" style=\"padding-right: 5px\">\n            \n\n<div class=\"kksr-icon\" style=\"width: 14px; height: 14px;\"><\/div>\n        <\/div>\n            <div class=\"kksr-star\" style=\"padding-right: 5px\">\n            \n\n<div class=\"kksr-icon\" style=\"width: 14px; height: 14px;\"><\/div>\n        <\/div>\n            <div class=\"kksr-star\" style=\"padding-right: 5px\">\n            \n\n<div class=\"kksr-icon\" style=\"width: 14px; height: 14px;\"><\/div>\n        <\/div>\n            <div class=\"kksr-star\" style=\"padding-right: 5px\">\n            \n\n<div class=\"kksr-icon\" style=\"width: 14px; height: 14px;\"><\/div>\n        <\/div>\n    <\/div>\n<\/div>\n                \n\n<div class=\"kksr-legend\" style=\"font-size: 11.2px;\">\n            5\/5 - (37 votes)    <\/div>\n    <\/div>\n\n\n\n\n<p>En tant que propri\u00e9taire, vous devez tout conna\u00eetre sur les r\u00e8gles qui r\u00e9gissent l\u2019enregistrement des baux en Belgique.<\/p>\n\n\n\n<p>Cette d\u00e9marche administrative fait partie des<a href=\"https:\/\/www.smovin.app\/fonctionnalites\/gestion-des-taches\/\"> <\/a>immanquables <a href=\"https:\/\/www.smovin.app\/fonctionnalites\/gestion-des-taches\/\"><strong>t\u00e2ches de la gestion locative<\/strong><\/a> et est obligatoire en Belgique.<\/p>\n\n\n\n<p>Voici tout ce que vous devez savoir pour enregistrer un bail en Belgique : comment effectuer l&#8217;enregistrement, les d\u00e9lais, les prix, etc.<\/p>\n\n\n\n<h2 class=\"wp-block-heading\" class=\"wp-block-heading\" id=\"quest-ce-que-lenregistrement-du-bail\"><a href=\"#quest-ce-que-lenregistrement-du-bail\" class=\"heading-link\"><i class=\"glyphicon glyphicon-link\"><\/i><\/a>Qu\u2019est-ce que l\u2019enregistrement du bail ?<\/h2>\n\n\n\n<p>Le bail d\u2019un logement lou\u00e9 destin\u00e9 \u00e0 \u00eatre une <strong>r\u00e9sidence principale<\/strong> doit <strong>obligatoirement \u00eatre enregistr\u00e9<\/strong> par le propri\u00e9taire-bailleur du bien.<\/p>\n\n\n\n<p>Les <a href=\"https:\/\/www.smovin.app\/biens-commerciaux\/\"><strong>baux<\/strong><\/a><strong><a href=\"https:\/\/www.smovin.app\/biens-commerciaux\/\"> <\/a><\/strong><a href=\"https:\/\/www.smovin.app\/biens-commerciaux\/\"><strong>commerciaux<\/strong><\/a> ainsi que les baux qui concernent les immeubles mis en location (bureaux, industries, garages\u2026) doivent \u00e9galement \u00eatre enregistr\u00e9s.<\/p>\n\n\n\n<p>L\u2019enregistrement du bail permet :<\/p>\n\n\n\n<ul class=\"wp-block-list\">\n<li>de prot\u00e9ger les droits des locataires comme ceux des propri\u00e9taires,<\/li>\n\n\n\n<li>de donner des avantages fiscaux au locataire dans le cadre d\u2019un bail commercial,<\/li>\n\n\n\n<li>\u00e0 l\u2019administration d\u2019avoir un aper\u00e7u de la situation locative r\u00e9gionale.&nbsp;<\/li>\n<\/ul>\n\n\n\n<h2 class=\"wp-block-heading\" class=\"wp-block-heading\" id=\"est-il-obligatoire-denregistrer-un-bail\"><a href=\"#est-il-obligatoire-denregistrer-un-bail\" class=\"heading-link\"><i class=\"glyphicon glyphicon-link\"><\/i><\/a>Est-il obligatoire d\u2019enregistrer un bail ?<\/h2>\n\n\n\n<p>L\u2019<strong>enregistrement d\u2019un bail est obligatoire<\/strong> en Belgique. Tout <strong>a<\/strong>venant ou modification apport\u00e9 au contrat de bail initial doivent aussi faire l\u2019objet d\u2019un enregistrement aupr\u00e8s du bureau r\u00e9gional comp\u00e9tent.<\/p>\n\n\n\n<p>Cette formalit\u00e9 rend le bail et ses modalit\u00e9s incontestables et opposables \u00e0 tous, au propri\u00e9taire comme au locataire.<\/p>\n\n\n\n<h2 class=\"wp-block-heading\" class=\"wp-block-heading\" id=\"comment-et-ou-enregistrer-un-bail\"><a href=\"#comment-et-ou-enregistrer-un-bail\" class=\"heading-link\"><i class=\"glyphicon glyphicon-link\"><\/i><\/a>Comment et o\u00f9 enregistrer un bail?&nbsp;<\/h2>\n\n\n\n<p>Il est possible d\u2019enregistrer votre bail de deux mani\u00e8res diff\u00e9rentes :<\/p>\n\n\n\n<ul class=\"wp-block-list\">\n<li>par voie postale, au SPF Finances.<\/li>\n\n\n\n<li>en ligne, sur l\u2019application MyRent.<\/li>\n<\/ul>\n\n\n\n<h3 class=\"wp-block-heading\" class=\"wp-block-heading\" id=\"les-bureaux-denregistrement-de-bail\"><a href=\"#les-bureaux-denregistrement-de-bail\" class=\"heading-link\"><i class=\"glyphicon glyphicon-link\"><\/i><\/a>Les bureaux d\u2019enregistrement de bail<\/h3>\n\n\n\n<p>Vous devez effectuer une demande de formulaire aupr\u00e8s du bureau <a href=\"https:\/\/finances.belgium.be\/fr\"><strong>SPF Finances<\/strong><\/a>. Veillez \u00e0 demander le formulaire qui correspond au type de bail que vous souhaitez enregistrer.<\/p>\n\n\n\n<p>Vous pourrez les joindre au num\u00e9ro suivant : 02 572 57 57<\/p>\n\n\n\n<p>Il est ensuite n\u00e9cessaire d\u2019envoyer le formulaire compl\u00e9t\u00e9 accompagn\u00e9 d\u2019une copie du bail sign\u00e9e par les deux parties ainsi qu\u2019une copie de l\u2019\u00e9tat des lieux.<\/p>\n\n\n\n<p>Une confirmation ainsi qu\u2019une preuve d\u2019enregistrement de votre bail vous seront envoy\u00e9es dans les jours qui suivent le d\u00e9p\u00f4t de votre dossier.<\/p>\n\n\n\n<h3 class=\"wp-block-heading\" class=\"wp-block-heading\" id=\"enregistrement-du-bail-en-ligne\"><a href=\"#enregistrement-du-bail-en-ligne\" class=\"heading-link\"><i class=\"glyphicon glyphicon-link\"><\/i><\/a>Enregistrement du bail en ligne<\/h3>\n\n\n\n<p>Via l\u2019application <a href=\"https:\/\/finances.belgium.be\/fr\/E-services\/MyRent\"><strong>MyRent<\/strong><\/a> il vous suffit de remplir le formulaire en ligne puis de t\u00e9l\u00e9charger les documents demand\u00e9s en PDF dans l\u2019application.&nbsp;<\/p>\n\n\n\n<p>Les documents demand\u00e9s sont les suivants :<\/p>\n\n\n\n<ul class=\"wp-block-list\">\n<li>Une carte d\u2019identit\u00e9,<\/li>\n\n\n\n<li>le bail locatif sign\u00e9 par les deux parties,<\/li>\n\n\n\n<li>un \u00e9tat des lieux sign\u00e9 par les deux parties.<\/li>\n<\/ul>\n\n\n\n<p>Comme pour l\u2019enregistrement par voie postale, vous recevrez une confirmation ainsi qu\u2019une preuve d\u2019enregistrement.<\/p>\n\n\n\n<figure class=\"wp-block-image size-full\"><a href=\"https:\/\/www.smovin.app\/ebook-gestion-locative\/?utm_source=seo&amp;utm_medium=article-41&amp;utm_campaign=ebook-gestion-locative-fr\"><img fetchpriority=\"high\" decoding=\"async\" width=\"1024\" height=\"261\" src=\"https:\/\/www.smovin.app\/wp-content\/uploads\/2023\/03\/Banner-ebook-2-Gestion-locative-1024x261-1.png\" alt=\"Ebook gestion locative\" class=\"wp-image-27447\" srcset=\"https:\/\/www.smovin.app\/wp-content\/uploads\/2023\/03\/Banner-ebook-2-Gestion-locative-1024x261-1.png 1024w, https:\/\/www.smovin.app\/wp-content\/uploads\/2023\/03\/Banner-ebook-2-Gestion-locative-1024x261-1-300x76.png 300w, https:\/\/www.smovin.app\/wp-content\/uploads\/2023\/03\/Banner-ebook-2-Gestion-locative-1024x261-1-768x196.png 768w\" sizes=\"(max-width: 1024px) 100vw, 1024px\" \/><\/a><\/figure>\n\n\n\n<h2 class=\"wp-block-heading\" class=\"wp-block-heading\" id=\"comment-savoir-si-mon-bail-est-enregistre\"><a href=\"#comment-savoir-si-mon-bail-est-enregistre\" class=\"heading-link\"><i class=\"glyphicon glyphicon-link\"><\/i><\/a>Comment savoir si mon bail est enregistr\u00e9 ?&nbsp;<\/h2>\n\n\n\n<p>Vous pouvez v\u00e9rifier par vous-m\u00eame si votre <strong>bail a bien \u00e9t\u00e9 enregistr\u00e9<\/strong>. Pour cela, rendez-vous sur l\u2019Infocenter du SPF Finances de votre r\u00e9gion.<\/p>\n\n\n\n<p>Vous pouvez \u00e9galement vous connecter \u00e0 l\u2019aide de votre e-ID sur le portail &#8216;<a href=\"https:\/\/eservices.minfin.fgov.be\/myminfin-web\/pages\/public\"><strong>My minfin<\/strong><\/a>&#8216;. Rendez-vous dans la rubrique \u201cMon habitation et mes biens immobiliers\u201d. Depuis cette page vous pouvez consulter les baux enregistr\u00e9s auxquels vous \u00eates li\u00e9.<\/p>\n\n\n\n<h2 class=\"wp-block-heading\" class=\"wp-block-heading\" id=\"que-se-passe-t-il-si-mon-bail-nest-pas-enregistre\"><a href=\"#que-se-passe-t-il-si-mon-bail-nest-pas-enregistre\" class=\"heading-link\"><i class=\"glyphicon glyphicon-link\"><\/i><\/a>Que se passe-t-il si mon bail n\u2019est pas enregistr\u00e9 ?<\/h2>\n\n\n\n<p>Si vous n\u2019avez pas enregistr\u00e9 votre bail en tant que propri\u00e9taire, le preneur peut quitter le logement \u00e0 tout moment, <strong>sans d\u00e9lai de pr\u00e9avis<\/strong> <strong>ni indemnit\u00e9 de d\u00e9part<\/strong> anticip\u00e9. Il doit cependant vous adresser une mise en demeure par lettre recommand\u00e9e.<\/p>\n\n\n\n<p>Si vous recevez une mise en demeure de la part de votre locataire, il est n\u00e9cessaire de faire enregistrer le bail au plus vite. Vous disposez d\u2019un <strong>d\u00e9lai d\u2019un mois pour r\u00e9gulariser la situation<\/strong>.<\/p>\n\n\n\n<p>Si le bail n&#8217;est pas enregistr\u00e9 et que le bien est situ\u00e9 en Wallonie ou \u00e0 Bruxelles, vous ne <strong>pourrez pas indexer le loyer<\/strong> de votre locataire. <\/p>\n\n\n\n<h3 class=\"wp-block-heading\" class=\"wp-block-heading\" id=\"amende-pour-enregistrement-tardif\"><a href=\"#amende-pour-enregistrement-tardif\" class=\"heading-link\"><i class=\"glyphicon glyphicon-link\"><\/i><\/a>Amende pour enregistrement tardif<\/h3>\n\n\n\n<p>Un bailleur qui ne respecte pas les d\u00e9lais d\u2019enregistrement d\u2019un bail peut se voir infliger une <strong>amende d\u2019un montant de 25 euros.<\/strong><\/p>\n\n\n\n<h2 class=\"wp-block-heading\" class=\"wp-block-heading\" id=\"qui-doit-enregistrer-le-bail\"><a href=\"#qui-doit-enregistrer-le-bail\" class=\"heading-link\"><i class=\"glyphicon glyphicon-link\"><\/i><\/a>Qui doit enregistrer le bail ?&nbsp;<\/h2>\n\n\n\n<p>La t\u00e2che de <strong>l\u2019enregistrement du bail incombe au bailleur<\/strong> pour tous les baux qui concernent les r\u00e9sidences principales et les habitations.<\/p>\n\n\n\n<p>Le locataire et le propri\u00e9taire sont <strong>tous les deux charg\u00e9s de l\u2019enregistrement du bail commercial<\/strong>.<\/p>\n\n\n\n<h2 class=\"wp-block-heading\" class=\"wp-block-heading\" id=\"quel-est-le-delai-pour-enregistrer-un-bail\"><a href=\"#quel-est-le-delai-pour-enregistrer-un-bail\" class=\"heading-link\"><i class=\"glyphicon glyphicon-link\"><\/i><\/a>Quel est le d\u00e9lai pour enregistrer un bail ?&nbsp;<\/h2>\n\n\n\n<p>Le bailleur dispose d\u2019un d\u00e9lai de <strong>deux mois <\/strong>pour enregistrer un bail locatif qui concerne une r\u00e9sidence principale.<\/p>\n\n\n\n<p>Un <strong>bail commercial <\/strong>doit \u00eatre enregistr\u00e9 dans les<strong> quatre mois <\/strong>qui suivent la signature du contrat de location.<\/p>\n\n\n\n<h2 class=\"wp-block-heading\" class=\"wp-block-heading\" id=\"quel-est-le-prix-de-lenregistrement-du-bail\"><a href=\"#quel-est-le-prix-de-lenregistrement-du-bail\" class=\"heading-link\"><i class=\"glyphicon glyphicon-link\"><\/i><\/a>Quel est le prix de l\u2019enregistrement du bail ?&nbsp;<\/h2>\n\n\n\n<p>L\u2019enregistrement d\u2019un bail locatif qui concerne une r\u00e9sidence principale est <strong>gratuit<\/strong> si le bailleur respecte les d\u00e9lais d\u2019enregistrement. <\/p>\n\n\n\n<p>Dans le cas contraire, il doit s&#8217;acquitter d\u2019une <strong>amende de 25 euros<\/strong>.<\/p>\n\n\n\n<p>En revanche, pour l\u2019enregistrement des baux commerciaux, le bailleur et le locataire devront s&#8217;acquitter d\u2019un montant qui correspond \u00e0 <strong>0,2% du cumul des loyers et des charges impos\u00e9es<\/strong> au locataire pendant toute la dur\u00e9e du bail. <\/p>\n\n\n\n<p>Ce montant est obligatoirement <strong>sup\u00e9rieur \u00e0 50 euros<\/strong>.<\/p>\n","protected":false},"excerpt":{"rendered":"<p>En tant que propri\u00e9taire, vous devez tout conna\u00eetre sur les r\u00e8gles qui r\u00e9gissent l\u2019enregistrement des baux en Belgique. Cette d\u00e9marche [&hellip;]<\/p>\n","protected":false},"author":208846801,"featured_media":35079,"parent":11502,"menu_order":0,"comment_status":"closed","ping_status":"closed","template":"","meta":{"_acf_changed":false,"content-type":"","site-sidebar-layout":"default","site-content-layout":"","ast-site-content-layout":"default","site-content-style":"default","site-sidebar-style":"default","ast-global-header-display":"","ast-banner-title-visibility":"","ast-main-header-display":"","ast-hfb-above-header-display":"","ast-hfb-below-header-display":"","ast-hfb-mobile-header-display":"","site-post-title":"","ast-breadcrumbs-content":"","ast-featured-img":"","footer-sml-layout":"","ast-disable-related-posts":"","theme-transparent-header-meta":"","adv-header-id-meta":"","stick-header-meta":"","header-above-stick-meta":"","header-main-stick-meta":"","header-below-stick-meta":"","astra-migrate-meta-layouts":"set","ast-page-background-enabled":"default","ast-page-background-meta":{"desktop":{"background-color":"var(--ast-global-color-5)","background-image":"","background-repeat":"repeat","background-position":"center center","background-size":"auto","background-attachment":"scroll","background-type":"","background-media":"","overlay-type":"","overlay-color":"","overlay-opacity":"","overlay-gradient":""},"tablet":{"background-color":"","background-image":"","background-repeat":"repeat","background-position":"center center","background-size":"auto","background-attachment":"scroll","background-type":"","background-media":"","overlay-type":"","overlay-color":"","overlay-opacity":"","overlay-gradient":""},"mobile":{"background-color":"","background-image":"","background-repeat":"repeat","background-position":"center center","background-size":"auto","background-attachment":"scroll","background-type":"","background-media":"","overlay-type":"","overlay-color":"","overlay-opacity":"","overlay-gradient":""}},"ast-content-background-meta":{"desktop":{"background-color":"var(--ast-global-color-4)","background-image":"","background-repeat":"repeat","background-position":"center center","background-size":"auto","background-attachment":"scroll","background-type":"","background-media":"","overlay-type":"","overlay-color":"","overlay-opacity":"","overlay-gradient":""},"tablet":{"background-color":"var(--ast-global-color-4)","background-image":"","background-repeat":"repeat","background-position":"center center","background-size":"auto","background-attachment":"scroll","background-type":"","background-media":"","overlay-type":"","overlay-color":"","overlay-opacity":"","overlay-gradient":""},"mobile":{"background-color":"var(--ast-global-color-4)","background-image":"","background-repeat":"repeat","background-position":"center center","background-size":"auto","background-attachment":"scroll","background-type":"","background-media":"","overlay-type":"","overlay-color":"","overlay-opacity":"","overlay-gradient":""}},"cybocfi_hide_featured_image":"","footnotes":""},"categories":[6435],"tags":[6457,6448],"class_list":["post-11825","page","type-page","status-publish","has-post-thumbnail","hentry","category-blog","tag-bail-locatif","tag-seo"],"acf":[],"yoast_head":"<!-- This site is optimized with the Yoast SEO plugin v27.5 - https:\/\/yoast.com\/product\/yoast-seo-wordpress\/ -->\n<title>Tout savoir sur l\u2019enregistrement du bail en 2026<\/title>\n<meta name=\"description\" content=\"L&#039;enregistrement du bail est-il obligatoire et si oui dans quels cas ? Comment proc\u00e9der et combien cela coute-t-il ? On vous explique tout.\" \/>\n<meta name=\"robots\" content=\"index, follow, max-snippet:-1, max-image-preview:large, max-video-preview:-1\" \/>\n<link rel=\"canonical\" href=\"https:\/\/www.smovin.app\/fr-be\/bail-locatif\/enregistrement\/\" \/>\n<meta property=\"og:locale\" content=\"fr_FR\" \/>\n<meta property=\"og:type\" content=\"article\" \/>\n<meta property=\"og:title\" content=\"Tout savoir sur l\u2019enregistrement du bail en 2026\" \/>\n<meta property=\"og:description\" content=\"L&#039;enregistrement du bail est-il obligatoire et si oui dans quels cas ? Comment proc\u00e9der et combien cela coute-t-il ? On vous explique tout.\" \/>\n<meta property=\"og:url\" content=\"https:\/\/www.smovin.app\/fr-be\/bail-locatif\/enregistrement\/\" \/>\n<meta property=\"og:site_name\" content=\"Smovin | Focus on what really matters\" \/>\n<meta property=\"article:modified_time\" content=\"2025-02-18T09:33:26+00:00\" \/>\n<meta property=\"og:image\" content=\"https:\/\/www.smovin.app\/wp-content\/uploads\/2023\/07\/AdobeStock_215665277-scaled-1.webp\" \/>\n\t<meta property=\"og:image:width\" content=\"2560\" \/>\n\t<meta property=\"og:image:height\" content=\"1440\" \/>\n\t<meta property=\"og:image:type\" content=\"image\/webp\" \/>\n<meta name=\"twitter:card\" content=\"summary_large_image\" \/>\n<meta name=\"twitter:label1\" content=\"Est. reading time\" \/>\n\t<meta name=\"twitter:data1\" content=\"5 minutes\" \/>\n<script type=\"application\/ld+json\" class=\"yoast-schema-graph\">{\"@context\":\"https:\\\/\\\/schema.org\",\"@graph\":[{\"@type\":\"WebPage\",\"@id\":\"https:\\\/\\\/www.smovin.app\\\/fr-be\\\/bail-locatif\\\/enregistrement\\\/\",\"url\":\"https:\\\/\\\/www.smovin.app\\\/fr-be\\\/bail-locatif\\\/enregistrement\\\/\",\"name\":\"Tout savoir sur l\u2019enregistrement du bail en 2026\",\"isPartOf\":{\"@id\":\"https:\\\/\\\/www.smovin.app\\\/fr-be\\\/#website\"},\"primaryImageOfPage\":{\"@id\":\"https:\\\/\\\/www.smovin.app\\\/fr-be\\\/bail-locatif\\\/enregistrement\\\/#primaryimage\"},\"image\":{\"@id\":\"https:\\\/\\\/www.smovin.app\\\/fr-be\\\/bail-locatif\\\/enregistrement\\\/#primaryimage\"},\"thumbnailUrl\":\"https:\\\/\\\/www.smovin.app\\\/wp-content\\\/uploads\\\/2023\\\/07\\\/AdobeStock_215665277-scaled-1.webp\",\"datePublished\":\"2022-03-11T13:19:36+00:00\",\"dateModified\":\"2025-02-18T09:33:26+00:00\",\"description\":\"L'enregistrement du bail est-il obligatoire et si oui dans quels cas ? Comment proc\u00e9der et combien cela coute-t-il ? On vous explique tout.\",\"breadcrumb\":{\"@id\":\"https:\\\/\\\/www.smovin.app\\\/fr-be\\\/bail-locatif\\\/enregistrement\\\/#breadcrumb\"},\"inLanguage\":\"fr-be\",\"potentialAction\":[{\"@type\":\"ReadAction\",\"target\":[\"https:\\\/\\\/www.smovin.app\\\/fr-be\\\/bail-locatif\\\/enregistrement\\\/\"]}]},{\"@type\":\"ImageObject\",\"inLanguage\":\"fr-be\",\"@id\":\"https:\\\/\\\/www.smovin.app\\\/fr-be\\\/bail-locatif\\\/enregistrement\\\/#primaryimage\",\"url\":\"https:\\\/\\\/www.smovin.app\\\/wp-content\\\/uploads\\\/2023\\\/07\\\/AdobeStock_215665277-scaled-1.webp\",\"contentUrl\":\"https:\\\/\\\/www.smovin.app\\\/wp-content\\\/uploads\\\/2023\\\/07\\\/AdobeStock_215665277-scaled-1.webp\",\"width\":2560,\"height\":1440,\"caption\":\"Enregistrement du bail\"},{\"@type\":\"BreadcrumbList\",\"@id\":\"https:\\\/\\\/www.smovin.app\\\/fr-be\\\/bail-locatif\\\/enregistrement\\\/#breadcrumb\",\"itemListElement\":[{\"@type\":\"ListItem\",\"position\":1,\"name\":\"Accueil\",\"item\":\"https:\\\/\\\/www.smovin.app\\\/fr-be\\\/\"},{\"@type\":\"ListItem\",\"position\":2,\"name\":\"Bail locatif : le mode d\u2019emploi\",\"item\":\"https:\\\/\\\/www.smovin.app\\\/fr-be\\\/bail-locatif\\\/\"},{\"@type\":\"ListItem\",\"position\":3,\"name\":\"Tout savoir sur l\u2019enregistrement du bail\"}]},{\"@type\":\"WebSite\",\"@id\":\"https:\\\/\\\/www.smovin.app\\\/fr-be\\\/#website\",\"url\":\"https:\\\/\\\/www.smovin.app\\\/fr-be\\\/\",\"name\":\"Smovin | Focus on what really matters\",\"description\":\"Application de gestion locative puissante et intuitive pour investisseurs immobiliers.\",\"publisher\":{\"@id\":\"https:\\\/\\\/www.smovin.app\\\/fr-be\\\/#organization\"},\"potentialAction\":[{\"@type\":\"SearchAction\",\"target\":{\"@type\":\"EntryPoint\",\"urlTemplate\":\"https:\\\/\\\/www.smovin.app\\\/fr-be\\\/?s={search_term_string}\"},\"query-input\":{\"@type\":\"PropertyValueSpecification\",\"valueRequired\":true,\"valueName\":\"search_term_string\"}}],\"inLanguage\":\"fr-be\"},{\"@type\":\"Organization\",\"@id\":\"https:\\\/\\\/www.smovin.app\\\/fr-be\\\/#organization\",\"name\":\"Smovin\",\"url\":\"https:\\\/\\\/www.smovin.app\\\/fr-be\\\/\",\"logo\":{\"@type\":\"ImageObject\",\"inLanguage\":\"fr-be\",\"@id\":\"https:\\\/\\\/www.smovin.app\\\/fr-be\\\/#\\\/schema\\\/logo\\\/image\\\/\",\"url\":\"https:\\\/\\\/www.smovin.app\\\/wp-content\\\/uploads\\\/2021\\\/07\\\/LogoSmovinColors.svg\",\"contentUrl\":\"https:\\\/\\\/www.smovin.app\\\/wp-content\\\/uploads\\\/2021\\\/07\\\/LogoSmovinColors.svg\",\"width\":540,\"height\":103,\"caption\":\"Smovin\"},\"image\":{\"@id\":\"https:\\\/\\\/www.smovin.app\\\/fr-be\\\/#\\\/schema\\\/logo\\\/image\\\/\"}}]}<\/script>\n<!-- \/ Yoast SEO plugin. -->","yoast_head_json":{"title":"Tout savoir sur l\u2019enregistrement du bail en 2026","description":"L'enregistrement du bail est-il obligatoire et si oui dans quels cas ? Comment proc\u00e9der et combien cela coute-t-il ? On vous explique tout.","robots":{"index":"index","follow":"follow","max-snippet":"max-snippet:-1","max-image-preview":"max-image-preview:large","max-video-preview":"max-video-preview:-1"},"canonical":"https:\/\/www.smovin.app\/fr-be\/bail-locatif\/enregistrement\/","og_locale":"fr_FR","og_type":"article","og_title":"Tout savoir sur l\u2019enregistrement du bail en 2026","og_description":"L'enregistrement du bail est-il obligatoire et si oui dans quels cas ? Comment proc\u00e9der et combien cela coute-t-il ? On vous explique tout.","og_url":"https:\/\/www.smovin.app\/fr-be\/bail-locatif\/enregistrement\/","og_site_name":"Smovin | Focus on what really matters","article_modified_time":"2025-02-18T09:33:26+00:00","og_image":[{"width":2560,"height":1440,"url":"https:\/\/www.smovin.app\/wp-content\/uploads\/2023\/07\/AdobeStock_215665277-scaled-1.webp","type":"image\/webp"}],"twitter_card":"summary_large_image","twitter_misc":{"Est. reading time":"5 minutes"},"schema":{"@context":"https:\/\/schema.org","@graph":[{"@type":"WebPage","@id":"https:\/\/www.smovin.app\/fr-be\/bail-locatif\/enregistrement\/","url":"https:\/\/www.smovin.app\/fr-be\/bail-locatif\/enregistrement\/","name":"Tout savoir sur l\u2019enregistrement du bail en 2026","isPartOf":{"@id":"https:\/\/www.smovin.app\/fr-be\/#website"},"primaryImageOfPage":{"@id":"https:\/\/www.smovin.app\/fr-be\/bail-locatif\/enregistrement\/#primaryimage"},"image":{"@id":"https:\/\/www.smovin.app\/fr-be\/bail-locatif\/enregistrement\/#primaryimage"},"thumbnailUrl":"https:\/\/www.smovin.app\/wp-content\/uploads\/2023\/07\/AdobeStock_215665277-scaled-1.webp","datePublished":"2022-03-11T13:19:36+00:00","dateModified":"2025-02-18T09:33:26+00:00","description":"L'enregistrement du bail est-il obligatoire et si oui dans quels cas ? Comment proc\u00e9der et combien cela coute-t-il ? On vous explique tout.","breadcrumb":{"@id":"https:\/\/www.smovin.app\/fr-be\/bail-locatif\/enregistrement\/#breadcrumb"},"inLanguage":"fr-be","potentialAction":[{"@type":"ReadAction","target":["https:\/\/www.smovin.app\/fr-be\/bail-locatif\/enregistrement\/"]}]},{"@type":"ImageObject","inLanguage":"fr-be","@id":"https:\/\/www.smovin.app\/fr-be\/bail-locatif\/enregistrement\/#primaryimage","url":"https:\/\/www.smovin.app\/wp-content\/uploads\/2023\/07\/AdobeStock_215665277-scaled-1.webp","contentUrl":"https:\/\/www.smovin.app\/wp-content\/uploads\/2023\/07\/AdobeStock_215665277-scaled-1.webp","width":2560,"height":1440,"caption":"Enregistrement du bail"},{"@type":"BreadcrumbList","@id":"https:\/\/www.smovin.app\/fr-be\/bail-locatif\/enregistrement\/#breadcrumb","itemListElement":[{"@type":"ListItem","position":1,"name":"Accueil","item":"https:\/\/www.smovin.app\/fr-be\/"},{"@type":"ListItem","position":2,"name":"Bail locatif : le mode d\u2019emploi","item":"https:\/\/www.smovin.app\/fr-be\/bail-locatif\/"},{"@type":"ListItem","position":3,"name":"Tout savoir sur l\u2019enregistrement du bail"}]},{"@type":"WebSite","@id":"https:\/\/www.smovin.app\/fr-be\/#website","url":"https:\/\/www.smovin.app\/fr-be\/","name":"Smovin | Focus on what really matters","description":"Application de gestion locative puissante et intuitive pour investisseurs immobiliers.","publisher":{"@id":"https:\/\/www.smovin.app\/fr-be\/#organization"},"potentialAction":[{"@type":"SearchAction","target":{"@type":"EntryPoint","urlTemplate":"https:\/\/www.smovin.app\/fr-be\/?s={search_term_string}"},"query-input":{"@type":"PropertyValueSpecification","valueRequired":true,"valueName":"search_term_string"}}],"inLanguage":"fr-be"},{"@type":"Organization","@id":"https:\/\/www.smovin.app\/fr-be\/#organization","name":"Smovin","url":"https:\/\/www.smovin.app\/fr-be\/","logo":{"@type":"ImageObject","inLanguage":"fr-be","@id":"https:\/\/www.smovin.app\/fr-be\/#\/schema\/logo\/image\/","url":"https:\/\/www.smovin.app\/wp-content\/uploads\/2021\/07\/LogoSmovinColors.svg","contentUrl":"https:\/\/www.smovin.app\/wp-content\/uploads\/2021\/07\/LogoSmovinColors.svg","width":540,"height":103,"caption":"Smovin"},"image":{"@id":"https:\/\/www.smovin.app\/fr-be\/#\/schema\/logo\/image\/"}}]}},"_links":{"self":[{"href":"https:\/\/www.smovin.app\/fr-be\/wp-json\/wp\/v2\/pages\/11825","targetHints":{"allow":["GET"]}}],"collection":[{"href":"https:\/\/www.smovin.app\/fr-be\/wp-json\/wp\/v2\/pages"}],"about":[{"href":"https:\/\/www.smovin.app\/fr-be\/wp-json\/wp\/v2\/types\/page"}],"author":[{"embeddable":true,"href":"https:\/\/www.smovin.app\/fr-be\/wp-json\/wp\/v2\/users\/208846801"}],"replies":[{"embeddable":true,"href":"https:\/\/www.smovin.app\/fr-be\/wp-json\/wp\/v2\/comments?post=11825"}],"version-history":[{"count":1,"href":"https:\/\/www.smovin.app\/fr-be\/wp-json\/wp\/v2\/pages\/11825\/revisions"}],"predecessor-version":[{"id":58551,"href":"https:\/\/www.smovin.app\/fr-be\/wp-json\/wp\/v2\/pages\/11825\/revisions\/58551"}],"up":[{"embeddable":true,"href":"https:\/\/www.smovin.app\/fr-be\/wp-json\/wp\/v2\/pages\/11502"}],"wp:featuredmedia":[{"embeddable":true,"href":"https:\/\/www.smovin.app\/fr-be\/wp-json\/wp\/v2\/media\/35079"}],"wp:attachment":[{"href":"https:\/\/www.smovin.app\/fr-be\/wp-json\/wp\/v2\/media?parent=11825"}],"wp:term":[{"taxonomy":"category","embeddable":true,"href":"https:\/\/www.smovin.app\/fr-be\/wp-json\/wp\/v2\/categories?post=11825"},{"taxonomy":"post_tag","embeddable":true,"href":"https:\/\/www.smovin.app\/fr-be\/wp-json\/wp\/v2\/tags?post=11825"}],"curies":[{"name":"wp","href":"https:\/\/api.w.org\/{rel}","templated":true}]}}